{"id":925,"date":"2023-12-27T17:08:40","date_gmt":"2023-12-27T17:08:40","guid":{"rendered":"https:\/\/ombrasole.wpenginepowered.com\/page-daccueil\/"},"modified":"2026-04-01T20:16:10","modified_gmt":"2026-04-01T20:16:10","slug":"page-daccueil","status":"publish","type":"page","link":"https:\/\/ombrasole.com\/fr\/","title":{"rendered":"Aller \u00e0 la page d&rsquo;accueil"},"content":{"rendered":"\n<h2>\n\t\t\tNOTRE STYLE FAIT LA DIFF\u00c9RENCE\t<\/h2>\n<h1>\n\t\t\tPergolas &#038; Auvents sur mesure con\u00e7us et fabriqu\u00e9s \u00e0 Montr\u00e9al\t<\/h1>\n\t<p>D\u00e9couvrez l&rsquo;art de vivre \u00e0 l&rsquo;ext\u00e9rieur avec Ombrasole &#8211; o\u00f9 le design italien rencontre l&rsquo;ing\u00e9niosit\u00e9 canadienne. Notre gamme prim\u00e9e qui comprend des pergolas bioclimatiques \u00e9l\u00e9gantes, des pergolas motoris\u00e9es r\u00e9tractables est con\u00e7ue pour Rehausser, Agrandir et Prot\u00e9ger vos espaces ext\u00e9rieurs!<\/p>\n<p>Avec plus de 40 ans d&rsquo;expertise, nous promettons une qualit\u00e9 in\u00e9gal\u00e9e et des designs innovants adapt\u00e9s \u00e0 votre style de vie.<\/p>\n<figure itemscope itemtype=\"https:\/\/schema.org\/ImageObject\">\n\t\t\t\t<a href=\"https:\/\/ombrasole.com\/fr\/residentiel\/\"  target=\"_self\" itemprop=\"url\">\n\t\t\t\t<img decoding=\"async\" src=\"https:\/\/ombrasole.com\/wp-content\/uploads\/2024\/02\/4-1-scaled.jpg\" alt=\"Pergola \u00e0 toit r\u00e9tractable\" height=\"1196\" width=\"2560\" title=\"4 (1)\" onerror=\"this.style.display='none'\" loading=\"lazy\" \/>\n\t\t\t\t<\/a>\n\t<\/figure>\n<h2>\n\t\t\tAUVENTS R\u00c9SIDENTIELS\t<\/h2>\n<h2>\n\t\t\tPour les patios, jardins et balcons de votre maison\t<\/h2>\n\t<p>Transformez l&rsquo;espace ext\u00e9rieur de votre maison avec les auvents r\u00e9sidentiels d&rsquo;Ombrasole. Personnalisables, \u00e9l\u00e9gants et durables, ils offrent un m\u00e9lange parfait de confort et d&rsquo;\u00e9l\u00e9gance pour tout patio ou terrasse.<\/p>\n\t\t\t<a href=\"https:\/\/ombrasole.com\/fr\/residentiel\/\"  target=\"_self\">\n\t\t\t\t\t\t\tD\u00e9couvrir les produits\n\t\t\t\t\t<\/a>\n<h2>\n\t\t\tAUVENTS COMMERCIAUX\t<\/h2>\n<h2>\n\t\t\tPour les terrasses commerciales, les restaurants et les magasins\t<\/h2>\n\t<p>Augmentez l&rsquo;attrait de votre entreprise \u00e0 l&rsquo;ext\u00e9rieur avec les auvents commerciaux d&rsquo;Ombrasole. Con\u00e7u sur mesure pour le style, la durabilit\u00e9 et la fonctionnalit\u00e9 &#8211; id\u00e9al pour am\u00e9liorer l&rsquo;exp\u00e9rience des clients en plein air.<\/p>\n\t\t\t<a href=\"https:\/\/ombrasole.com\/fr\/commercial\/\"  target=\"_self\">\n\t\t\t\t\t\t\tD\u00e9couvrir les produits\n\t\t\t\t\t<\/a>\n<figure itemscope itemtype=\"https:\/\/schema.org\/ImageObject\">\n\t\t\t\t<a href=\"https:\/\/ombrasole.com\/fr\/commercial\/\"  target=\"_self\" itemprop=\"url\">\n\t\t\t\t<img decoding=\"async\" src=\"https:\/\/ombrasole.com\/wp-content\/uploads\/2024\/02\/Capriccio-Commercial-Awning-Restaurant.jpg\" alt=\"Pergola for restaurant\" height=\"1080\" width=\"1920\" title=\"Capriccio Commercial Awning Restaurant\" onerror=\"this.style.display='none'\" loading=\"lazy\" \/>\n\t\t\t\t<\/a>\n\t<\/figure>\n<h4>\n\t\t\tMAT\u00c9RIAUX ET FOURNISSEURS D&rsquo;HAUTE QUALIT\u00c9\t<\/h4>\n<figure itemscope itemtype=\"https:\/\/schema.org\/ImageObject\">\n\t\t\t\t<a href=\"https:\/\/ombrasole.com\/wp-content\/uploads\/2026\/03\/SERGE-FERRARI-502-CATALOGUE_compressed.pdf\"  target=\"_blank\" rel=\"noopener\"  itemprop=\"url\">\n\t\t\t\t<img decoding=\"async\" src=\"https:\/\/ombrasole.com\/wp-content\/uploads\/2024\/01\/serge-ferrari.png\" alt=\"serge ferrari\" height=\"150\" width=\"150\" title=\"serge ferrari\" onerror=\"this.style.display='none'\" loading=\"lazy\" \/>\n\t\t\t\t<\/a>\n\t<\/figure>\n<figure itemscope itemtype=\"https:\/\/schema.org\/ImageObject\">\n\t\t\t\t<a href=\"https:\/\/ombrasole.com\/wp-content\/uploads\/2026\/03\/Soltis-86-CATALOGUE_compressed.pdf\"  target=\"_blank\" rel=\"noopener\"  itemprop=\"url\">\n\t\t\t\t<img decoding=\"async\" src=\"https:\/\/ombrasole.com\/wp-content\/uploads\/2024\/02\/soltis-logo-1.jpg\" alt=\"soltis-logo\" height=\"97\" width=\"314\" title=\"soltis-logo\" onerror=\"this.style.display='none'\" loading=\"lazy\" \/>\n\t\t\t\t<\/a>\n\t<\/figure>\n<figure itemscope itemtype=\"https:\/\/schema.org\/ImageObject\">\n\t\t\t\t<a href=\"https:\/\/lascan.ca\/classement-produits\/acrylic-fabric\/?lang=en\"  target=\"_blank\" rel=\"noopener\"  itemprop=\"url\">\n\t\t\t\t<img decoding=\"async\" src=\"https:\/\/ombrasole.com\/wp-content\/uploads\/2024\/01\/Untitled-design-12.png\" alt=\"Untitled design (12)\" height=\"150\" width=\"150\" title=\"Untitled design (12)\" onerror=\"this.style.display='none'\" loading=\"lazy\" \/>\n\t\t\t\t<\/a>\n\t<\/figure>\n<figure itemscope itemtype=\"https:\/\/schema.org\/ImageObject\">\n\t\t\t\t<a href=\"https:\/\/global.sunbrella.com\/fr-fr\/fabrics\/shade\"  target=\"_blank\" rel=\"noopener\"  itemprop=\"url\">\n\t\t\t\t<img decoding=\"async\" src=\"https:\/\/ombrasole.com\/wp-content\/uploads\/2024\/01\/Untitled-design-10.png\" alt=\"Untitled design (10)\" height=\"150\" width=\"150\" title=\"Untitled design (10)\" onerror=\"this.style.display='none'\" loading=\"lazy\" \/>\n\t\t\t\t<\/a>\n\t<\/figure>\n<figure itemscope itemtype=\"https:\/\/schema.org\/ImageObject\">\n\t\t\t\t<a href=\"https:\/\/www.somfysystems.com\/en-us\/products\/awnings-screens-pergolas\/motorized-awnings\"  target=\"_blank\" rel=\"noopener\"  itemprop=\"url\">\n\t\t\t\t<img decoding=\"async\" src=\"https:\/\/ombrasole.com\/wp-content\/uploads\/2024\/01\/serge-ferrari-1.png\" alt=\"serge ferrari (1)\" height=\"150\" width=\"150\" title=\"serge ferrari (1)\" onerror=\"this.style.display='none'\" loading=\"lazy\" \/>\n\t\t\t\t<\/a>\n\t<\/figure>\n<figure itemscope itemtype=\"https:\/\/schema.org\/ImageObject\">\n\t\t\t\t<img decoding=\"async\" src=\"https:\/\/ombrasole.com\/wp-content\/uploads\/2024\/03\/Norsk_Hydro.svg_.png\" alt=\"Norsk_Hydro.svg\" height=\"1200\" width=\"1200\" title=\"Norsk_Hydro.svg\" onerror=\"this.style.display='none'\" loading=\"lazy\" \/>\n\t<\/figure>\n<figure itemscope itemtype=\"https:\/\/schema.org\/ImageObject\">\n\t\t\t\t<img decoding=\"async\" src=\"https:\/\/ombrasole.com\/wp-content\/uploads\/2024\/02\/download-2.png\" alt=\"download (2)\" height=\"108\" width=\"467\" title=\"download (2)\" onerror=\"this.style.display='none'\" loading=\"lazy\" \/>\n\t<\/figure>\n<h2>\n\t\t\tGagnants de plusieurs prix d&rsquo;Excellence!\t<\/h2>\n\t<p>Les conceptions d&rsquo;auvents d&rsquo;Ombrasole ont \u00e9t\u00e9 fi\u00e8rement r\u00e9compens\u00e9es par l&rsquo;IFAI au Canada et aux \u00c9tats-Unis au fil des ans.<\/p>\n\t\t\t<a href=\"https:\/\/ombrasole.com\/fr\/prix\/\"  target=\"_self\">\n\t\t\t\t\t\t\tD\u00e9couvrez nos prix\n\t\t\t\t\t<\/a>\n<h2>\n\t\t\tD\u00e9voilez les auvents de vos r\u00eaves\t<\/h2>\n\t<p>\u00c9levez vos espaces ext\u00e9rieurs avec \u00e9l\u00e9gance et fonctionnalit\u00e9. Choisissez parmi notre gamme exquise adapt\u00e9e \u00e0 votre style et \u00e0 vos besoins.<\/p>\n\t\t<iframe loading=\"lazy\" src=\"https:\/\/www.youtube-nocookie.com\/embed\/rX3eR3KxBrk?loop=1&#038;rel=0&#038;playlist=GcUKvj1dyBc\" width=\"560\" height=\"315\" title=\"Auvent de Terrasse Capriccio Terrace Awning\" frameborder=\"0\" allowfullscreen><\/iframe>\t\n\t\t<iframe loading=\"lazy\" src=\"https:\/\/www.youtube-nocookie.com\/embed\/rX3eR3KxBrk?loop=1&#038;rel=0&#038;playlist=kxnMoQh65BI\" width=\"560\" height=\"315\" title=\"Auvent de Terrasse Capriccio Terrace Awning\" frameborder=\"0\" allowfullscreen><\/iframe>\t\n\t\t<iframe loading=\"lazy\" src=\"https:\/\/www.youtube-nocookie.com\/embed\/krYBr2N2T64?loop=1&#038;rel=0&#038;playlist=krYBr2N2T64\" width=\"560\" height=\"315\" title=\"A YouTube video\" frameborder=\"0\" allowfullscreen><\/iframe>\t\n\t\t\t<a href=\"https:\/\/www.youtube.com\/@auvents\"  target=\"_blank\" rel=\"noopener\"    rel=\"noopener\">\n\t\t\t\t\t\t\tVoir plus\n\t\t\t\t\t<\/a>\n<figure itemscope itemtype=\"https:\/\/schema.org\/ImageObject\">\n\t\t\t\t<img decoding=\"async\" src=\"https:\/\/ombrasole.com\/wp-content\/uploads\/2024\/02\/baton-rouge-logo-v1-en.png\" alt=\"B\u00e2ton rouge\" height=\"126\" width=\"200\" title=\"baton-rouge-logo-v1-en\" onerror=\"this.style.display='none'\" loading=\"lazy\" \/>\n\t<\/figure>\n<h4>\n\t\t\tNOS CLIENTS NOUS ONT CHOISI\t<\/h4>\n\t\t<ul>\n\t\t<li><blockquote><p>Nous avons l&rsquo;auvent Ombrasole depuis 4 ans et nous sommes tr\u00e8s satisfaits de la qualit\u00e9 du produit. La toile blanche a toujours fi\u00e8re allure et j&rsquo;ai b\u00e9n\u00e9fici\u00e9 d&rsquo;un excellent service pour une petite r\u00e9paration sur un poteau cet \u00e9t\u00e9. Merci \u00e0 Mme Jabre pour son service, et \u00e0 l&rsquo;\u00e9quipe de techniciens qui a fait un travail impeccable.<strong>Vincent Quirion<\/strong><\/p><\/blockquote><\/li>\t\t<li><blockquote>Nous avons achet\u00e9 le store capriccio et il \u00e9tait vraiment extraordinaire en plus du service impeccable et ponctuel. Nous sommes tr\u00e8s satisfaits !<strong>France Provencher<\/strong><\/blockquote><\/li>\t\t<li><blockquote>J&rsquo;ai la grande fiert\u00e9 de dire \u00e0 tous ceux qui ne sont pas s\u00fbrs de la qualit\u00e9 ou de la durabilit\u00e9 de vos produits, eh bien, je suis plus que satisfait, tout se passe encore parfaitement pour la troisi\u00e8me ann\u00e9e d\u00e9j\u00e0.<br \/>Je garde la moustiquaire baiss\u00e9e et la barre tout au long de l&rsquo;hiver et de l&rsquo;\u00e9t\u00e9, bien qu&rsquo;elles soient ouvertes et ferm\u00e9es, et tout fonctionne encore parfaitement. P.S. M\u00eame par vent fort, ils sont abaiss\u00e9s et bloqu\u00e9s et rien ne vient \u00e9branler cette bonne installation avec la qualit\u00e9 de votre produit. Merci \u00e0 Ombrasol et longue vie \u00e0 vous !<br \/>Je tiens \u00e0 pr\u00e9ciser que je ne suis qu&rsquo;un client et que je trouve important de donner du cr\u00e9dit \u00e0 ceux qui offrent un excellent produit.<strong>Guy Leclair<\/strong><\/blockquote><\/li>\t\t<li><blockquote>J&rsquo;ai achet\u00e9 et install\u00e9 un auvent l&rsquo;\u00e9t\u00e9 dernier. Pour l&rsquo;instant, nous sommes enti\u00e8rement satisfaits de notre achat et du service. Nous avons h\u00e2te de voir comment notre nouvel auvent aura r\u00e9sist\u00e9 aux al\u00e9as de l&rsquo;hiver lorsque le printemps reviendra !<strong>Sylviane Forget<\/strong><\/blockquote><\/li>\t\t<li><blockquote>Des auvents de haute qualit\u00e9 fabriqu\u00e9s au Qu\u00e9bec et un service \u00e0 la client\u00e8le exceptionnel.<br \/>Je suis tr\u00e8s satisfait du choix que j&rsquo;ai fait d&rsquo;opter pour Ombrasole pour couvrir mon patio.<br \/>Excellent travail, merci.<strong>Elie Sfeir<\/strong><\/blockquote><\/li>\t\t\t<\/ul>\n<figure itemscope itemtype=\"https:\/\/schema.org\/ImageObject\">\n\t\t\t\t<a href=\"https:\/\/www.google.com\/search?q=ombrasole\"  target=\"_blank\" rel=\"noopener\"  itemprop=\"url\">\n\t\t\t\t<img decoding=\"async\" src=\"https:\/\/ombrasole.com\/wp-content\/uploads\/2024\/01\/1686304521023.png\" alt=\"1686304521023\" height=\"296\" width=\"842\" title=\"1686304521023\" onerror=\"this.style.display='none'\" loading=\"lazy\" \/>\n\t\t\t\t<\/a>\n\t<\/figure>\n<h2>\n\t\t\tObtenez un devis gratuit pour votre solution d&rsquo;auvent personnalis\u00e9e\t<\/h2>\n\t\t\t<a href=\"https:\/\/ombrasole.com\/fr\/estimation-gratuite\/\"  target=\"_self\">\n\t\t\t\t\t\t\tConsultez nos experts\n\t\t\t\t\t<\/a>\n\n","protected":false},"excerpt":{"rendered":"<p>NOTRE STYLE FAIT LA DIFF\u00c9RENCE Pergolas &#038; Auvents sur mesure con\u00e7us et fabriqu\u00e9s \u00e0 Montr\u00e9al D\u00e9couvrez l&rsquo;art de vivre \u00e0 l&rsquo;ext\u00e9rieur avec Ombrasole &#8211; o\u00f9 le design italien rencontre l&rsquo;ing\u00e9niosit\u00e9 canadienne. Notre gamme prim\u00e9e qui comprend des pergolas bioclimatiques \u00e9l\u00e9gantes, des pergolas motoris\u00e9es r\u00e9tractables est con\u00e7ue pour Rehausser, Agrandir et Prot\u00e9ger vos espaces ext\u00e9rieurs! Avec&hellip;<\/p>\n","protected":false},"author":1,"featured_media":0,"parent":0,"menu_order":0,"comment_status":"closed","ping_status":"open","template":"","meta":{"footnotes":""},"class_list":["post-925","page","type-page","status-publish","hentry"],"yoast_head":"<!-- This site is optimized with the Yoast SEO plugin v27.5 - https:\/\/yoast.com\/product\/yoast-seo-wordpress\/ -->\n<title>Auvents, pergolas faits sur mesure \u00e0 Montr\u00e9al | Ombrasole Awnings<\/title>\n<meta name=\"description\" content=\"Ombrasole Auvents : le concepteur et fabricant d&#039;auvents sur mesure, de pergolas, d&#039;abris solaires pour une utilisation r\u00e9sidentielle et commerciale, fabriqu\u00e9s \u00e0 Montr\u00e9al, Qu\u00e9bec.\" \/>\n<meta name=\"robots\" content=\"index, follow, max-snippet:-1, max-image-preview:large, max-video-preview:-1\" \/>\n<link rel=\"canonical\" href=\"https:\/\/ombrasole.com\/fr\/\" \/>\n<meta property=\"og:locale\" content=\"fr_FR\" \/>\n<meta property=\"og:type\" content=\"article\" \/>\n<meta property=\"og:title\" content=\"Auvents, pergolas faits sur mesure \u00e0 Montr\u00e9al | Ombrasole Awnings\" \/>\n<meta property=\"og:description\" content=\"Ombrasole Auvents : le concepteur et fabricant d&#039;auvents sur mesure, de pergolas, d&#039;abris solaires pour une utilisation r\u00e9sidentielle et commerciale, fabriqu\u00e9s \u00e0 Montr\u00e9al, Qu\u00e9bec.\" \/>\n<meta property=\"og:url\" content=\"https:\/\/ombrasole.com\/fr\/\" \/>\n<meta property=\"og:site_name\" content=\"Ombrasole Awnings\" \/>\n<meta property=\"article:publisher\" content=\"https:\/\/www.facebook.com\/ombrasole\/\" \/>\n<meta property=\"article:modified_time\" content=\"2026-04-01T20:16:10+00:00\" \/>\n<meta property=\"og:image\" content=\"https:\/\/ombrasole.com\/wp-content\/uploads\/2024\/02\/4-1-scaled.jpg\" \/>\n<meta name=\"twitter:card\" content=\"summary_large_image\" \/>\n<meta name=\"twitter:label1\" content=\"Dur\u00e9e de lecture estim\u00e9e\" \/>\n\t<meta name=\"twitter:data1\" content=\"7 minutes\" \/>\n<script type=\"application\/ld+json\" class=\"yoast-schema-graph\">{\"@context\":\"https:\\\/\\\/schema.org\",\"@graph\":[{\"@type\":\"WebPage\",\"@id\":\"https:\\\/\\\/ombrasole.com\\\/fr\\\/\",\"url\":\"https:\\\/\\\/ombrasole.com\\\/fr\\\/\",\"name\":\"Auvents, pergolas faits sur mesure \u00e0 Montr\u00e9al | Ombrasole Awnings\",\"isPartOf\":{\"@id\":\"https:\\\/\\\/ombrasole.com\\\/fr\\\/#website\"},\"primaryImageOfPage\":{\"@id\":\"https:\\\/\\\/ombrasole.com\\\/fr\\\/#primaryimage\"},\"image\":{\"@id\":\"https:\\\/\\\/ombrasole.com\\\/fr\\\/#primaryimage\"},\"thumbnailUrl\":\"https:\\\/\\\/ombrasole.com\\\/wp-content\\\/uploads\\\/2024\\\/02\\\/4-1-scaled.jpg\",\"datePublished\":\"2023-12-27T17:08:40+00:00\",\"dateModified\":\"2026-04-01T20:16:10+00:00\",\"description\":\"Ombrasole Auvents : le concepteur et fabricant d'auvents sur mesure, de pergolas, d'abris solaires pour une utilisation r\u00e9sidentielle et commerciale, fabriqu\u00e9s \u00e0 Montr\u00e9al, Qu\u00e9bec.\",\"breadcrumb\":{\"@id\":\"https:\\\/\\\/ombrasole.com\\\/fr\\\/#breadcrumb\"},\"inLanguage\":\"fr-FR\",\"potentialAction\":[{\"@type\":\"ReadAction\",\"target\":[\"https:\\\/\\\/ombrasole.com\\\/fr\\\/\"]}]},{\"@type\":\"ImageObject\",\"inLanguage\":\"fr-FR\",\"@id\":\"https:\\\/\\\/ombrasole.com\\\/fr\\\/#primaryimage\",\"url\":\"https:\\\/\\\/ombrasole.com\\\/wp-content\\\/uploads\\\/2024\\\/02\\\/4-1-scaled.jpg\",\"contentUrl\":\"https:\\\/\\\/ombrasole.com\\\/wp-content\\\/uploads\\\/2024\\\/02\\\/4-1-scaled.jpg\"},{\"@type\":\"BreadcrumbList\",\"@id\":\"https:\\\/\\\/ombrasole.com\\\/fr\\\/#breadcrumb\",\"itemListElement\":[{\"@type\":\"ListItem\",\"position\":1,\"name\":\"Home\",\"item\":\"https:\\\/\\\/ombrasole.com\\\/fr\\\/\"},{\"@type\":\"ListItem\",\"position\":2,\"name\":\"Aller \u00e0 la page d&rsquo;accueil\"}]},{\"@type\":\"WebSite\",\"@id\":\"https:\\\/\\\/ombrasole.com\\\/fr\\\/#website\",\"url\":\"https:\\\/\\\/ombrasole.com\\\/fr\\\/\",\"name\":\"Ombrasole\",\"description\":\"Custom Made Awnings In Montreal, Our Style Makes The Difference\",\"publisher\":{\"@id\":\"https:\\\/\\\/ombrasole.com\\\/fr\\\/#organization\"},\"potentialAction\":[{\"@type\":\"SearchAction\",\"target\":{\"@type\":\"EntryPoint\",\"urlTemplate\":\"https:\\\/\\\/ombrasole.com\\\/fr\\\/?s={search_term_string}\"},\"query-input\":{\"@type\":\"PropertyValueSpecification\",\"valueRequired\":true,\"valueName\":\"search_term_string\"}}],\"inLanguage\":\"fr-FR\"},{\"@type\":\"Organization\",\"@id\":\"https:\\\/\\\/ombrasole.com\\\/fr\\\/#organization\",\"name\":\"Ombrasole\",\"alternateName\":\"Ombrasole Awnings\",\"url\":\"https:\\\/\\\/ombrasole.com\\\/fr\\\/\",\"logo\":{\"@type\":\"ImageObject\",\"inLanguage\":\"fr-FR\",\"@id\":\"https:\\\/\\\/ombrasole.com\\\/fr\\\/#\\\/schema\\\/logo\\\/image\\\/\",\"url\":\"https:\\\/\\\/ombrasole.com\\\/wp-content\\\/uploads\\\/2024\\\/01\\\/Ombrasole_logo_white.png\",\"contentUrl\":\"https:\\\/\\\/ombrasole.com\\\/wp-content\\\/uploads\\\/2024\\\/01\\\/Ombrasole_logo_white.png\",\"width\":328,\"height\":90,\"caption\":\"Ombrasole\"},\"image\":{\"@id\":\"https:\\\/\\\/ombrasole.com\\\/fr\\\/#\\\/schema\\\/logo\\\/image\\\/\"},\"sameAs\":[\"https:\\\/\\\/www.facebook.com\\\/ombrasole\\\/\"]}]}<\/script>\n<!-- \/ Yoast SEO plugin. -->","yoast_head_json":{"title":"Auvents, pergolas faits sur mesure \u00e0 Montr\u00e9al | Ombrasole Awnings","description":"Ombrasole Auvents : le concepteur et fabricant d'auvents sur mesure, de pergolas, d'abris solaires pour une utilisation r\u00e9sidentielle et commerciale, fabriqu\u00e9s \u00e0 Montr\u00e9al, Qu\u00e9bec.","robots":{"index":"index","follow":"follow","max-snippet":"max-snippet:-1","max-image-preview":"max-image-preview:large","max-video-preview":"max-video-preview:-1"},"canonical":"https:\/\/ombrasole.com\/fr\/","og_locale":"fr_FR","og_type":"article","og_title":"Auvents, pergolas faits sur mesure \u00e0 Montr\u00e9al | Ombrasole Awnings","og_description":"Ombrasole Auvents : le concepteur et fabricant d'auvents sur mesure, de pergolas, d'abris solaires pour une utilisation r\u00e9sidentielle et commerciale, fabriqu\u00e9s \u00e0 Montr\u00e9al, Qu\u00e9bec.","og_url":"https:\/\/ombrasole.com\/fr\/","og_site_name":"Ombrasole Awnings","article_publisher":"https:\/\/www.facebook.com\/ombrasole\/","article_modified_time":"2026-04-01T20:16:10+00:00","og_image":[{"url":"https:\/\/ombrasole.com\/wp-content\/uploads\/2024\/02\/4-1-scaled.jpg","type":"","width":"","height":""}],"twitter_card":"summary_large_image","twitter_misc":{"Dur\u00e9e de lecture estim\u00e9e":"7 minutes"},"schema":{"@context":"https:\/\/schema.org","@graph":[{"@type":"WebPage","@id":"https:\/\/ombrasole.com\/fr\/","url":"https:\/\/ombrasole.com\/fr\/","name":"Auvents, pergolas faits sur mesure \u00e0 Montr\u00e9al | Ombrasole Awnings","isPartOf":{"@id":"https:\/\/ombrasole.com\/fr\/#website"},"primaryImageOfPage":{"@id":"https:\/\/ombrasole.com\/fr\/#primaryimage"},"image":{"@id":"https:\/\/ombrasole.com\/fr\/#primaryimage"},"thumbnailUrl":"https:\/\/ombrasole.com\/wp-content\/uploads\/2024\/02\/4-1-scaled.jpg","datePublished":"2023-12-27T17:08:40+00:00","dateModified":"2026-04-01T20:16:10+00:00","description":"Ombrasole Auvents : le concepteur et fabricant d'auvents sur mesure, de pergolas, d'abris solaires pour une utilisation r\u00e9sidentielle et commerciale, fabriqu\u00e9s \u00e0 Montr\u00e9al, Qu\u00e9bec.","breadcrumb":{"@id":"https:\/\/ombrasole.com\/fr\/#breadcrumb"},"inLanguage":"fr-FR","potentialAction":[{"@type":"ReadAction","target":["https:\/\/ombrasole.com\/fr\/"]}]},{"@type":"ImageObject","inLanguage":"fr-FR","@id":"https:\/\/ombrasole.com\/fr\/#primaryimage","url":"https:\/\/ombrasole.com\/wp-content\/uploads\/2024\/02\/4-1-scaled.jpg","contentUrl":"https:\/\/ombrasole.com\/wp-content\/uploads\/2024\/02\/4-1-scaled.jpg"},{"@type":"BreadcrumbList","@id":"https:\/\/ombrasole.com\/fr\/#breadcrumb","itemListElement":[{"@type":"ListItem","position":1,"name":"Home","item":"https:\/\/ombrasole.com\/fr\/"},{"@type":"ListItem","position":2,"name":"Aller \u00e0 la page d&rsquo;accueil"}]},{"@type":"WebSite","@id":"https:\/\/ombrasole.com\/fr\/#website","url":"https:\/\/ombrasole.com\/fr\/","name":"Ombrasole","description":"Custom Made Awnings In Montreal, Our Style Makes The Difference","publisher":{"@id":"https:\/\/ombrasole.com\/fr\/#organization"},"potentialAction":[{"@type":"SearchAction","target":{"@type":"EntryPoint","urlTemplate":"https:\/\/ombrasole.com\/fr\/?s={search_term_string}"},"query-input":{"@type":"PropertyValueSpecification","valueRequired":true,"valueName":"search_term_string"}}],"inLanguage":"fr-FR"},{"@type":"Organization","@id":"https:\/\/ombrasole.com\/fr\/#organization","name":"Ombrasole","alternateName":"Ombrasole Awnings","url":"https:\/\/ombrasole.com\/fr\/","logo":{"@type":"ImageObject","inLanguage":"fr-FR","@id":"https:\/\/ombrasole.com\/fr\/#\/schema\/logo\/image\/","url":"https:\/\/ombrasole.com\/wp-content\/uploads\/2024\/01\/Ombrasole_logo_white.png","contentUrl":"https:\/\/ombrasole.com\/wp-content\/uploads\/2024\/01\/Ombrasole_logo_white.png","width":328,"height":90,"caption":"Ombrasole"},"image":{"@id":"https:\/\/ombrasole.com\/fr\/#\/schema\/logo\/image\/"},"sameAs":["https:\/\/www.facebook.com\/ombrasole\/"]}]}},"_links":{"self":[{"href":"https:\/\/ombrasole.com\/fr\/wp-json\/wp\/v2\/pages\/925","targetHints":{"allow":["GET"]}}],"collection":[{"href":"https:\/\/ombrasole.com\/fr\/wp-json\/wp\/v2\/pages"}],"about":[{"href":"https:\/\/ombrasole.com\/fr\/wp-json\/wp\/v2\/types\/page"}],"author":[{"embeddable":true,"href":"https:\/\/ombrasole.com\/fr\/wp-json\/wp\/v2\/users\/1"}],"replies":[{"embeddable":true,"href":"https:\/\/ombrasole.com\/fr\/wp-json\/wp\/v2\/comments?post=925"}],"version-history":[{"count":0,"href":"https:\/\/ombrasole.com\/fr\/wp-json\/wp\/v2\/pages\/925\/revisions"}],"wp:attachment":[{"href":"https:\/\/ombrasole.com\/fr\/wp-json\/wp\/v2\/media?parent=925"}],"curies":[{"name":"wp","href":"https:\/\/api.w.org\/{rel}","templated":true}]}}